{"id":770,"date":"2021-10-11T22:38:53","date_gmt":"2021-10-11T20:38:53","guid":{"rendered":"https:\/\/ainsivalavie.fr\/?page_id=770"},"modified":"2025-08-22T18:21:09","modified_gmt":"2025-08-22T16:21:09","slug":"280-7","status":"publish","type":"page","link":"https:\/\/ainsivalavie.fr\/index.php\/les-episodes\/280-7\/","title":{"rendered":"# 6 Mon animal est mort et, oui, je suis en deuil."},"content":{"rendered":"\t\t<div data-elementor-type=\"wp-page\" data-elementor-id=\"770\" class=\"elementor elementor-770\" data-elementor-settings=\"[]\">\n\t\t\t\t\t\t\t<div class=\"elementor-section-wrap\">\n\t\t\t\t\t\t\t<section class=\"elementor-section elementor-top-section elementor-element elementor-element-612d557 elementor-section-boxed elementor-section-height-default elementor-section-height-default\" data-id=\"612d557\" data-element_type=\"section\">\n\t\t\t\t\t\t<div class=\"elementor-container elementor-column-gap-default\">\n\t\t\t\t\t<div class=\"elementor-column elementor-col-100 elementor-top-column elementor-element elementor-element-5ea6d0c\" data-id=\"5ea6d0c\" data-element_type=\"column\">\n\t\t\t<div class=\"elementor-widget-wrap elementor-element-populated\">\n\t\t\t\t\t\t\t\t<div class=\"elementor-element elementor-element-60e260b elementor-widget elementor-widget-image\" data-id=\"60e260b\" data-element_type=\"widget\" data-widget_type=\"image.default\">\n\t\t\t\t<div class=\"elementor-widget-container\">\n\t\t\t\t\t\t\t\t\t\t\t\t\t\t\t<img width=\"640\" height=\"360\" src=\"https:\/\/ainsivalavie.fr\/wp-content\/uploads\/2025\/08\/44-768x432.png\" class=\"attachment-medium_large size-medium_large\" alt=\"\" loading=\"lazy\" srcset=\"https:\/\/ainsivalavie.fr\/wp-content\/uploads\/2025\/08\/44-768x432.png 768w, https:\/\/ainsivalavie.fr\/wp-content\/uploads\/2025\/08\/44-300x169.png 300w, https:\/\/ainsivalavie.fr\/wp-content\/uploads\/2025\/08\/44-1024x576.png 1024w, https:\/\/ainsivalavie.fr\/wp-content\/uploads\/2025\/08\/44-1536x864.png 1536w, https:\/\/ainsivalavie.fr\/wp-content\/uploads\/2025\/08\/44.png 1920w\" sizes=\"(max-width: 640px) 100vw, 640px\" \/>\t\t\t\t\t\t\t\t\t\t\t\t\t\t\t<\/div>\n\t\t\t\t<\/div>\n\t\t\t\t\t<\/div>\n\t\t<\/div>\n\t\t\t\t\t\t\t<\/div>\n\t\t<\/section>\n\t\t\t\t<section class=\"elementor-section elementor-top-section elementor-element elementor-element-b9f0e71 elementor-section-boxed elementor-section-height-default elementor-section-height-default\" data-id=\"b9f0e71\" data-element_type=\"section\">\n\t\t\t\t\t\t<div class=\"elementor-container elementor-column-gap-default\">\n\t\t\t\t\t<div class=\"elementor-column elementor-col-100 elementor-top-column elementor-element elementor-element-2c76d7c\" data-id=\"2c76d7c\" data-element_type=\"column\">\n\t\t\t<div class=\"elementor-widget-wrap elementor-element-populated\">\n\t\t\t\t\t\t\t\t<div class=\"elementor-element elementor-element-b2e7a68 elementor-widget elementor-widget-heading\" data-id=\"b2e7a68\" data-element_type=\"widget\" data-widget_type=\"heading.default\">\n\t\t\t\t<div class=\"elementor-widget-container\">\n\t\t\t<h1 class=\"elementor-heading-title elementor-size-default\"><span style=\"color: rgb(35, 56, 113); font-size: 2rem; font-weight: var( --e-global-typography-primary-font-weight );\"># 6 Mon animal est mort et, oui, je vis un deuil.<\/span><\/h1>\t\t<\/div>\n\t\t\t\t<\/div>\n\t\t\t\t\t<\/div>\n\t\t<\/div>\n\t\t\t\t\t\t\t<\/div>\n\t\t<\/section>\n\t\t\t\t<section class=\"elementor-section elementor-top-section elementor-element elementor-element-eefc216 elementor-section-boxed elementor-section-height-default elementor-section-height-default\" data-id=\"eefc216\" data-element_type=\"section\">\n\t\t\t\t\t\t<div class=\"elementor-container elementor-column-gap-default\">\n\t\t\t\t\t<div class=\"elementor-column elementor-col-100 elementor-top-column elementor-element elementor-element-96387b9\" data-id=\"96387b9\" data-element_type=\"column\">\n\t\t\t<div class=\"elementor-widget-wrap elementor-element-populated\">\n\t\t\t\t\t\t\t\t<div class=\"elementor-element elementor-element-17636ed elementor-widget elementor-widget-text-editor\" data-id=\"17636ed\" data-element_type=\"widget\" data-widget_type=\"text-editor.default\">\n\t\t\t\t<div class=\"elementor-widget-container\">\n\t\t\t\t\t\t\t\t<p><iframe style=\"width: 100%; max-width: 660px; overflow: hidden; background: transparent;\" src=\"https:\/\/embed.podcasts.apple.com\/lu\/podcast\/mon-animal-est-mort-et-oui-je-vis-un-deuil\/id1570506833?i=1000537564592\" height=\"175\" frameborder=\"0\" sandbox=\"allow-forms allow-popups allow-same-origin allow-scripts allow-storage-access-by-user-activation allow-top-navigation-by-user-activation\"><\/iframe><\/p>\t\t\t\t\t\t<\/div>\n\t\t\t\t<\/div>\n\t\t\t\t\t<\/div>\n\t\t<\/div>\n\t\t\t\t\t\t\t<\/div>\n\t\t<\/section>\n\t\t\t\t<section class=\"elementor-section elementor-top-section elementor-element elementor-element-f41330e elementor-section-boxed elementor-section-height-default elementor-section-height-default\" data-id=\"f41330e\" data-element_type=\"section\">\n\t\t\t\t\t\t<div class=\"elementor-container elementor-column-gap-default\">\n\t\t\t\t\t<div class=\"elementor-column elementor-col-100 elementor-top-column elementor-element elementor-element-7403e87\" data-id=\"7403e87\" data-element_type=\"column\">\n\t\t\t<div class=\"elementor-widget-wrap elementor-element-populated\">\n\t\t\t\t\t\t\t\t<div class=\"elementor-element elementor-element-5cd9d1b elementor-widget elementor-widget-text-editor\" data-id=\"5cd9d1b\" data-element_type=\"widget\" data-widget_type=\"text-editor.default\">\n\t\t\t\t<div class=\"elementor-widget-container\">\n\t\t\t\t\t\t\t\t<p><span class=\"style-scope yt-formatted-string\" dir=\"auto\">Apr\u00e8s une carri\u00e8re de docteur en m\u00e9decine v\u00e9t\u00e9rinaire, Dr Marina von Allmen-Balmelli a choisi de se consacrer \u00e0 l&#8217;ost\u00e9opathie animali\u00e8re. <\/span><span class=\"style-scope yt-formatted-string\" dir=\"auto\">Elle consulte en Suisse o\u00f9 elle m&#8217;a re\u00e7ue pour discuter d&#8217;<strong>un deuil sous-estim\u00e9: le deuil apr\u00e8s la mort de notre animal de compagnie.<\/strong><\/span><\/p><p><span class=\"style-scope yt-formatted-string\" dir=\"auto\"> Ce deuil peut \u00eatre difficile \u00e0 vivre quand on ne trouve pas de soutien dans son entourage. <\/span><span class=\"style-scope yt-formatted-string\" dir=\"auto\">Combien de personnes endeuill\u00e9es ont entendu des r\u00e9flexions du type &#8220;Tu n&#8217;as qu&#8217;\u00e0 en prendre un autre&#8221;, &#8220;Pourquoi te mettre dans cet \u00e9tat-l\u00e0, ce n&#8217;\u00e9tait qu&#8217;un animal&#8221;!<\/span><\/p><p><span class=\"style-scope yt-formatted-string\" dir=\"auto\"><strong> Les animaux sont des \u00eatres sensibles avec lesquels nous cr\u00e9ons des liens particuli\u00e8rement forts.<\/strong> Leur esp\u00e9rance de vie \u00e9tant plus courte que la n\u00f4tre, il est fort probable que nous vivions leur fin de vie. Et puis la vie est faite d&#8217;impr\u00e9vus (maladie, accident, disparition, euthanasie&#8230;) qui peuvent survenir \u00e0 tout moment. <\/span><\/p><p><span class=\"style-scope yt-formatted-string\" dir=\"auto\">Alors autant s&#8217;informer et comprendre ce qu&#8217;est ce deuil pour mieux le traverser (que l&#8217;on soit seul.e ou en famille) mais aussi pour mieux soutenir les personnes endeuill\u00e9es de leur animal favori. <\/span><\/p><p><span class=\"style-scope yt-formatted-string\" dir=\"auto\">Nous nous int\u00e9ressons \u00e9galement <strong>au deuil du point de vue des autres animaux du foyer<\/strong> et nous cl\u00f4turons en parlant du<strong> v\u00e9cu des v\u00e9t\u00e9rinaires<\/strong> qui assistent, au quotidien, aux d\u00e9c\u00e8s d&#8217;animaux.<\/span><\/p><p><span class=\"style-scope yt-formatted-string\" dir=\"auto\"> Auteure de deux livres sur le sujet. L&#8217;un en fran\u00e7ais &#8220;<em>Quand l&#8217;animal s&#8217;en va: G\u00e9rer la perte de son animal de compagnie.<\/em>&#8221; (Editions Jouvence, 2007) et l&#8217;autre en italien &#8220;<em>4 zampe nell tomba&#8230; e poi?<\/em>&#8221; (Editions \u00e0 la carte), le Dr Marina von Allmen-Balmelli a anim\u00e9 des groupes de parole en Suisse.<\/span><\/p><p><span class=\"style-scope yt-formatted-string\" dir=\"auto\"> Retrouvez le podcast sur les r\u00e9seaux sociaux: <\/span><\/p><p><span class=\"style-scope yt-formatted-string\" dir=\"auto\">\ud83d\udc49 Instagram : @ainsivalavie.podcast<\/span><\/p><p><span class=\"style-scope yt-formatted-string\" dir=\"auto\"> \ud83d\udc49 Facebook : <\/span><a class=\"yt-simple-endpoint style-scope yt-formatted-string\" dir=\"auto\" spellcheck=\"false\" href=\"https:\/\/www.youtube.com\/redirect?event=video_description&amp;redir_token=QUFFLUhqbnBFX3ZKMlp0Qjk3S2hvR2N0SkMtTk5JNFpRZ3xBQ3Jtc0tuOUVINVpfRGo1Q1FleTloWGJZTDNoQ0Q1NFNwTGJyYjhPZDVJRGZOTlRfdFZlWmtwYjhTR1JaNVhUdk8tcEJrTW1qYnh1Y29YMlloZkNvNEZFVV8xdjZiVGhJNk1FeGVWbDV3TndhczRUUlZnVk03OA&amp;q=https%3A%2F%2Fwww.facebook.com%2Fainsivalavie\" target=\"_blank\" rel=\"nofollow noopener\">https:\/\/www.facebook.com\/ainsivalavie<\/a><span class=\"style-scope yt-formatted-string\" dir=\"auto\">&#8230;<\/span><\/p>\t\t\t\t\t\t<\/div>\n\t\t\t\t<\/div>\n\t\t\t\t\t<\/div>\n\t\t<\/div>\n\t\t\t\t\t\t\t<\/div>\n\t\t<\/section>\n\t\t\t\t\t\t<\/div>\n\t\t\t\t\t<\/div>\n\t\t","protected":false},"excerpt":{"rendered":"<p># 6 Mon animal est mort et, oui, je vis un deuil. Apr\u00e8s une carri\u00e8re de docteur en m\u00e9decine v\u00e9t\u00e9rinaire,&#8230;<\/p>\n","protected":false},"author":1,"featured_media":0,"parent":37,"menu_order":0,"comment_status":"closed","ping_status":"closed","template":"","meta":[],"_links":{"self":[{"href":"https:\/\/ainsivalavie.fr\/index.php\/wp-json\/wp\/v2\/pages\/770"}],"collection":[{"href":"https:\/\/ainsivalavie.fr\/index.php\/wp-json\/wp\/v2\/pages"}],"about":[{"href":"https:\/\/ainsivalavie.fr\/index.php\/wp-json\/wp\/v2\/types\/page"}],"author":[{"embeddable":true,"href":"https:\/\/ainsivalavie.fr\/index.php\/wp-json\/wp\/v2\/users\/1"}],"replies":[{"embeddable":true,"href":"https:\/\/ainsivalavie.fr\/index.php\/wp-json\/wp\/v2\/comments?post=770"}],"version-history":[{"count":21,"href":"https:\/\/ainsivalavie.fr\/index.php\/wp-json\/wp\/v2\/pages\/770\/revisions"}],"predecessor-version":[{"id":3791,"href":"https:\/\/ainsivalavie.fr\/index.php\/wp-json\/wp\/v2\/pages\/770\/revisions\/3791"}],"up":[{"embeddable":true,"href":"https:\/\/ainsivalavie.fr\/index.php\/wp-json\/wp\/v2\/pages\/37"}],"wp:attachment":[{"href":"https:\/\/ainsivalavie.fr\/index.php\/wp-json\/wp\/v2\/media?parent=770"}],"curies":[{"name":"wp","href":"https:\/\/api.w.org\/{rel}","templated":true}]}}